{"id":328,"date":"2018-06-04T19:43:17","date_gmt":"2018-06-04T19:43:17","guid":{"rendered":"http:\/\/karzol.hu\/?page_id=328\/"},"modified":"2018-06-04T19:43:17","modified_gmt":"2018-06-04T19:43:17","slug":"general-data-protection-regulation-gdpr","status":"publish","type":"page","link":"https:\/\/karzol.hu\/en\/general-data-protection-regulation-gdpr\/","title":{"rendered":"General Data Protection Regulation (GDPR)"},"content":{"rendered":"<p align=\"center\"><span style=\"font-family: Times New Roman, serif;\"><span style=\"font-size: medium;\"><b>ADATKEZEL\u00c9SI SZAB\u00c1LYZAT<\/b><\/span><\/span><\/p>\n<p align=\"center\"><span style=\"font-family: Times New Roman, serif;\"><span style=\"font-size: medium;\"><b>I.<\/b><\/span><\/span><\/p>\n<p align=\"center\"><span style=\"font-family: Times New Roman, serif;\"><span style=\"font-size: medium;\"><b>\u00c1ltal\u00e1nos t\u00e1j\u00e9koztat\u00f3<\/b><\/span><\/span><\/p>\n<p align=\"justify\"><span style=\"font-family: Times New Roman, serif;\"><span style=\"font-size: medium;\">Az Adatkezel\u00e9si Szab\u00e1lyzat c\u00e9lja, hogy r\u00f6gz\u00edtse az adatkezel\u0151 \u00e1ltal alkalmazott adatkezel\u00e9si \u00e9s adatv\u00e9delmi elj\u00e1r\u00e1st, amelynek betart\u00e1s\u00e1val, mint adatkezel\u0151 (tov\u00e1bbiakban: Adatkezel\u0151) tev\u00e9kenys\u00e9ge sor\u00e1n k\u00fcl\u00f6n\u00f6sen \u00fcgyel a szem\u00e9lyes adatok v\u00e9delm\u00e9re \u00e9s meg\u0151rz\u00e9s\u00e9re, tov\u00e1bb\u00e1 a biztons\u00e1gos \u00e9s tisztess\u00e9ges adatkezel\u00e9sre.<\/span><\/span><\/p>\n<p align=\"justify\"><span style=\"font-family: Times New Roman, serif;\"><span style=\"font-size: medium;\">Adatkezel\u0151 adatai: <\/span><\/span><\/p>\n<p align=\"justify\"><span style=\"font-family: Times New Roman, serif;\"><span style=\"font-size: medium;\">C\u00e9gn\u00e9v: KARZOL-TRANS Nemzetk\u00f6zi Fuvaroz\u00e1s Korl\u00e1tolt Felel\u0151ss\u00e9g\u0171 T\u00e1rsas\u00e1g<\/span><\/span><\/p>\n<p align=\"justify\"><span style=\"font-family: Times New Roman, serif;\"><span style=\"font-size: medium;\">C\u00e9gjegyz\u00e9ksz\u00e1m: 13-09-081639<\/span><\/span><\/p>\n<p align=\"justify\"><span style=\"font-family: Times New Roman, serif;\"><span style=\"font-size: medium;\">Sz\u00e9khely: 2233 Ecser, Karzol utca 1.<\/span><\/span><\/p>\n<p align=\"justify\"><span style=\"font-family: Times New Roman, serif;\"><span style=\"font-size: medium;\">Ad\u00f3sz\u00e1m: 12200128-2-13<\/span><\/span><\/p>\n<p align=\"justify\"><span style=\"font-family: Times New Roman, serif;\"><span style=\"font-size: medium;\">Az Adatkezel\u00e9si Szab\u00e1lyzat tekintet\u00e9ben az al\u00e1bbi jogszab\u00e1lyok az ir\u00e1nyad\u00f3k:<\/span><\/span><\/p>\n<ul>\n<li>\n<p align=\"justify\"><span style=\"font-family: Times New Roman, serif;\"><span style=\"font-size: medium;\">2001. \u00e9vi CVIII. tv. az elektronikus kereskedelmi szolg\u00e1ltat\u00e1sok, valamint az inform\u00e1ci\u00f3s t\u00e1rsadalommal \u00f6sszef\u00fcgg\u0151 szolg\u00e1ltat\u00e1sok egyes k\u00e9rd\u00e9seir\u0151l;<\/span><\/span><\/p>\n<\/li>\n<li>\n<p align=\"justify\"><span style=\"font-family: Times New Roman, serif;\"><span style=\"font-size: medium;\">2008. \u00e9vi XLVIII. tv. a gazdas\u00e1gi rekl\u00e1mtev\u00e9kenys\u00e9g alapvet\u0151 felt\u00e9teleir\u0151l \u00e9s egyes korl\u00e1tair\u00f3l;<\/span><\/span><\/p>\n<\/li>\n<li>\n<p align=\"justify\"><span style=\"font-family: Times New Roman, serif;\"><span style=\"font-size: medium;\">2011. \u00e9vi CXII. tv. az inform\u00e1ci\u00f3s \u00f6nrendelkez\u00e9si jogr\u00f3l \u00e9s az inf\u00f3szabads\u00e1gr\u00f3l<\/span><\/span><\/p>\n<\/li>\n<li>\n<p align=\"justify\"><span style=\"font-family: Times New Roman, serif;\"><span style=\"font-size: medium;\">2013. \u00e9vi V. tv. a Polg\u00e1ri T\u00f6rv\u00e9nyk\u00f6nyvr\u0151l;<\/span><\/span><\/p>\n<\/li>\n<li>\n<p align=\"justify\"><span style=\"font-family: Times New Roman, serif;\"><span style=\"font-size: medium;\">2016\/679\/EU rendelet (2016. \u00e1prilis 27.) a term\u00e9szetes szem\u00e9lyeknek a szem\u00e9lyes adatok kezel\u00e9se tekintet\u00e9be t\u00f6rt\u00e9n\u0151 v\u00e9delm\u00e9r\u0151l \u00e9s az ilyen adatok szabad \u00e1raml\u00e1s\u00e1r\u00f3l, valamint a 95\/46\/EK rendelet hat\u00e1lyon k\u00edv\u00fcl helyez\u00e9s\u00e9r\u0151l.<\/span><\/span><\/p>\n<\/li>\n<\/ul>\n<p align=\"justify\"><span style=\"font-family: Times New Roman, serif;\"><span style=\"font-size: medium;\">Az Adatkezel\u0151 egyoldal\u00fa k\u00f6telezetts\u00e9get v\u00e1llal arra, hogy jelen Adatkezel\u00e9si Szab\u00e1lyzatot betartja. Ugyanakkor az Adatkezel\u0151 fenntartja mag\u00e1nak a jogot, hogy az Adatkezel\u00e9si Szab\u00e1lyzatot megv\u00e1ltoztassa, amelynek megfelel\u0151 m\u00f3don t\u00f6rt\u00e9n\u0151 k\u00f6zz\u00e9t\u00e9tel\u00e9re is egyoldal\u00fa k\u00f6telezetts\u00e9get v\u00e1llal.<\/span><\/span><\/p>\n<p align=\"center\"><span style=\"font-family: Times New Roman, serif;\"><span style=\"font-size: medium;\"><b>II.<\/b><\/span><\/span><\/p>\n<p align=\"center\"><span style=\"font-family: Times New Roman, serif;\"><span style=\"font-size: medium;\"><b>A Szab\u00e1lyzatban alkalmazott fogalmak \u00e9s t\u00f6rv\u00e9nyi \u00e9rtelmez\u00e9sek:<\/b><\/span><\/span><\/p>\n<p align=\"justify\"><span style=\"font-family: Times New Roman, serif;\"><span style=\"font-size: medium;\"><b>\u00c9rintett: <\/b><\/span><\/span><span style=\"font-family: Times New Roman, serif;\"><span style=\"font-size: medium;\">b\u00e1rmely meghat\u00e1rozott, szem\u00e9lyes adat alapj\u00e1n azonos\u00edtott, vagy \u2013 k\u00f6zvetlen\u00fcl, vagy k\u00f6zvetve \u2013 azonos\u00edthat\u00f3 term\u00e9szetes szem\u00e9ly.<\/span><\/span><\/p>\n<p align=\"justify\"><span style=\"font-family: Times New Roman, serif;\"><span style=\"font-size: medium;\"><b>Szem\u00e9lyes adat: <\/b><\/span><\/span><span style=\"font-family: Times New Roman, serif;\"><span style=\"font-size: medium;\">az \u00e9rintettel kapcsolatba hozhat\u00f3 adat \u2013 k\u00fcl\u00f6n\u00f6sen az \u00e9rintett neve, azonos\u00edt\u00f3 jele, valamint egy, vagy t\u00f6bb fizikai, fiziol\u00f3giai, ment\u00e1lis, gazdas\u00e1gi, kultur\u00e1lis, vagy szoci\u00e1lis azonoss\u00e1gra jellemz\u0151 ismeret \u2013 valamint az adatb\u00f3l levonhat\u00f3, az \u00e9rintettre vonatkoz\u00f3 k\u00f6vetkeztet\u00e9s.<\/span><\/span><\/p>\n<p align=\"justify\"><span style=\"font-family: Times New Roman, serif;\"><span style=\"font-size: medium;\"><b>K\u00fcl\u00f6nleges adat: <\/b><\/span><\/span><span style=\"font-family: Times New Roman, serif;\"><span style=\"font-size: medium;\">a faji eredetre, a nemzetis\u00e9ghez tartoz\u00e1sra, a politikai v\u00e9lem\u00e9nyre, vagy p\u00e1rt\u00e1ll\u00e1sra, a vall\u00e1sos, vagy m\u00e1s vil\u00e1gn\u00e9zeti meggy\u0151z\u0151d\u00e9sre, az \u00e9rdekk\u00e9pviseleti, szervezeti tags\u00e1gra, a szexu\u00e1lis \u00e9letre vonatkoz\u00f3 szem\u00e9lyes adat, illetve az eg\u00e9szs\u00e9gi \u00e1llapotra, a k\u00f3ros szenved\u00e9lyre vonatkoz\u00f3 szem\u00e9lyes adat, valamint a b\u0171n\u00fcgyi szem\u00e9lyes adat.<\/span><\/span><\/p>\n<p align=\"justify\"><span style=\"font-family: Times New Roman, serif;\"><span style=\"font-size: medium;\"><b>Hozz\u00e1j\u00e1rul\u00e1s: <\/b><\/span><\/span><span style=\"font-family: Times New Roman, serif;\"><span style=\"font-size: medium;\">az \u00e9rintett akarat\u00e1nak \u00f6nk\u00e9ntes \u00e9s hat\u00e1rozott kinyilv\u00e1n\u00edt\u00e1sa, amely megfelel\u0151 t\u00e1j\u00e9koztat\u00e1son alapul, \u00e9s amellyel f\u00e9lre\u00e9rthetetlen beleegyez\u00e9s\u00e9t adja a r\u00e1 vonatkoz\u00f3 szem\u00e9lyes adat \u2013 teljes k\u00f6r\u0171 vagy egyes m\u0171veletekre kiterjed\u0151 \u2013 kezel\u00e9s\u00e9hez.<\/span><\/span><\/p>\n<p align=\"justify\"><span style=\"font-family: Times New Roman, serif;\"><span style=\"font-size: medium;\"><b>Tiltakoz\u00e1s: <\/b><\/span><\/span><span style=\"font-family: Times New Roman, serif;\"><span style=\"font-size: medium;\">az \u00e9rintett nyilatkozata, amellyel szem\u00e9lyes adat\u00e1nak kezel\u00e9s\u00e9t kifog\u00e1solja, \u00e9s az adatkezel\u00e9s megsz\u00fcntet\u00e9s\u00e9t, illetve a kezelt adat t\u00f6rl\u00e9s\u00e9t k\u00e9ri.<\/span><\/span><\/p>\n<p align=\"justify\"><span style=\"font-family: Times New Roman, serif;\"><span style=\"font-size: medium;\"><b>Adatkezel\u0151: <\/b><\/span><\/span><span style=\"font-family: Times New Roman, serif;\"><span style=\"font-size: medium;\">az a term\u00e9szetes vagy jogi szem\u00e9ly, illetve jogi szem\u00e9lyis\u00e9ggel nem rendelkez\u0151 szervezet, aki, vagy amely \u00f6n\u00e1ll\u00f3an vagy m\u00e1sokkal egy\u00fctt az adat kezel\u00e9s\u00e9nek c\u00e9lj\u00e1t meghat\u00e1rozza, az adatkezel\u00e9sre (bele\u00e9rtve a felhaszn\u00e1lt eszk\u00f6zt) vonatkoz\u00f3 d\u00f6nt\u00e9seket meghozza \u00e9s v\u00e9grehajtja, vagy az Adatfeldolgoz\u00f3val v\u00e9grehajtatja.<\/span><\/span><\/p>\n<p align=\"justify\"><span style=\"font-family: Times New Roman, serif;\"><span style=\"font-size: medium;\"><b>Adatkezel\u00e9s: <\/b><\/span><\/span><span style=\"font-family: Times New Roman, serif;\"><span style=\"font-size: medium;\">az alkalmazott elj\u00e1r\u00e1st\u00f3l f\u00fcggetlen\u00fcl az adaton v\u00e9gzett b\u00e1rmely m\u0171velet vagy a m\u0171veletek \u00f6sszess\u00e9ge, \u00edgy k\u00fcl\u00f6n\u00f6sen gy\u0171jt\u00e9se, felv\u00e9tele, r\u00f6gz\u00edt\u00e9se, rendszerez\u00e9se, t\u00e1rol\u00e1sa, megv\u00e1ltoztat\u00e1sa, felhaszn\u00e1l\u00e1sa, lek\u00e9rdez\u00e9se, tov\u00e1bb\u00edt\u00e1sa, nyilv\u00e1noss\u00e1gra hozatala, \u00f6sszehangol\u00e1sa vagy \u00f6sszekapcsol\u00e1sa, z\u00e1rol\u00e1sa, t\u00f6rl\u00e9se \u00e9s megsemmis\u00edt\u00e9se, valamint az adat tov\u00e1bbi felhaszn\u00e1l\u00e1s\u00e1nak megakad\u00e1lyoz\u00e1sa, f\u00e9nyk\u00e9p-, hang- vagy k\u00e9pfelv\u00e9tel k\u00e9sz\u00edt\u00e9se, valamint a szem\u00e9lyazonos\u00edt\u00e1s\u00e1ra alkalmas fizikai jellemz\u0151k r\u00f6gz\u00edt\u00e9se.<\/span><\/span><\/p>\n<p align=\"justify\"><span style=\"font-family: Times New Roman, serif;\"><span style=\"font-size: medium;\"><b>Adattov\u00e1bb\u00edt\u00e1s: <\/b><\/span><\/span><span style=\"font-family: Times New Roman, serif;\"><span style=\"font-size: medium;\">az adat meghat\u00e1rozott harmadik szem\u00e9ly sz\u00e1m\u00e1ra t\u00f6rt\u00e9n\u0151 hozz\u00e1f\u00e9rhet\u0151v\u00e9 t\u00e9tele.<\/span><\/span><\/p>\n<p align=\"justify\"><span style=\"font-family: Times New Roman, serif;\"><span style=\"font-size: medium;\"><b>Nyilv\u00e1noss\u00e1gra hozatal: <\/b><\/span><\/span><span style=\"font-family: Times New Roman, serif;\"><span style=\"font-size: medium;\">az adat b\u00e1rki sz\u00e1m\u00e1ra t\u00f6rt\u00e9n\u0151 hozz\u00e1f\u00e9rhet\u0151v\u00e9 t\u00e9tele.<\/span><\/span><\/p>\n<p align=\"justify\"><span style=\"font-family: Times New Roman, serif;\"><span style=\"font-size: medium;\"><b>Adatt\u00f6rl\u00e9s: <\/b><\/span><\/span><span style=\"font-family: Times New Roman, serif;\"><span style=\"font-size: medium;\">az adat felismerhetetlenn\u00e9 t\u00e9tele oly m\u00f3don, hogy a helyre\u00e1ll\u00edt\u00e1sa t\u00f6bb\u00e9 nem lehets\u00e9ges.<\/span><\/span><\/p>\n<p align=\"justify\"><span style=\"font-family: Times New Roman, serif;\"><span style=\"font-size: medium;\"><b>Adatz\u00e1rol\u00e1s: <\/b><\/span><\/span><span style=\"font-family: Times New Roman, serif;\"><span style=\"font-size: medium;\">az adat azonos\u00edt\u00f3 jelz\u00e9ssel ell\u00e1t\u00e1sa tov\u00e1bbi kezel\u00e9s\u00e9nek v\u00e9gleges, vagy meghat\u00e1rozott id\u0151re t\u00f6rt\u00e9n\u0151 korl\u00e1toz\u00e1sa c\u00e9lj\u00e1b\u00f3l.<\/span><\/span><\/p>\n<p align=\"justify\"><span style=\"font-family: Times New Roman, serif;\"><span style=\"font-size: medium;\"><b>Adatmegjel\u00f6l\u00e9s: <\/b><\/span><\/span><span style=\"font-family: Times New Roman, serif;\"><span style=\"font-size: medium;\">az adat azonos\u00edt\u00f3 jelz\u00e9ssel ell\u00e1t\u00e1sa, annak megk\u00fcl\u00f6nb\u00f6ztet\u00e9se c\u00e9lj\u00e1b\u00f3l.<\/span><\/span><\/p>\n<p align=\"justify\"><span style=\"font-family: Times New Roman, serif;\"><span style=\"font-size: medium;\"><b>Adatfeldolgoz\u00e1s: <\/b><\/span><\/span><span style=\"font-family: Times New Roman, serif;\"><span style=\"font-size: medium;\">az adatkezel\u00e9si m\u0171veletekhez kapcsol\u00f3d\u00f3 technikai feladatok elv\u00e9gz\u00e9se, f\u00fcggetlen\u00fcl a m\u0171veletek v\u00e9grehajt\u00e1s\u00e1hoz alkalmazott m\u00f3dszert\u0151l \u00e9s eszk\u00f6zt\u0151l, valamint az alkalmaz\u00e1s hely\u00e9t\u0151l, felt\u00e9ve, hogy a technikai feladatot az adaton v\u00e9gzik.<\/span><\/span><\/p>\n<p align=\"justify\"><span style=\"font-family: Times New Roman, serif;\"><span style=\"font-size: medium;\"><b>Adatmegsemmis\u00edt\u00e9s: <\/b><\/span><\/span><span style=\"font-family: Times New Roman, serif;\"><span style=\"font-size: medium;\">az adatot tartalmaz\u00f3 adathordoz\u00f3 teljes fizikai megsemmis\u00edt\u00e9se.<\/span><\/span><\/p>\n<p align=\"justify\"><span style=\"font-family: Times New Roman, serif;\"><span style=\"font-size: medium;\"><b>Adatfeldolgoz\u00f3: <\/b><\/span><\/span><span style=\"font-family: Times New Roman, serif;\"><span style=\"font-size: medium;\">az a term\u00e9szetes vagy jogi szem\u00e9ly, illetve jogi szem\u00e9lyis\u00e9ggel nem rendelkez\u0151 szervezet, aki, vagy amely szerz\u0151d\u00e9s alapj\u00e1n \u2013 bele\u00e9rtve a jogszab\u00e1ly rendelkez\u00e9se alapj\u00e1n k\u00f6t\u00f6tt szerz\u0151d\u00e9st is \u2013 adatok feldolgoz\u00e1s\u00e1t v\u00e9gzi.<\/span><\/span><\/p>\n<p align=\"justify\"><span style=\"font-family: Times New Roman, serif;\"><span style=\"font-size: medium;\"><b>Adat\u00e1llom\u00e1ny: <\/b><\/span><\/span><span style=\"font-family: Times New Roman, serif;\"><span style=\"font-size: medium;\">az egy nyilv\u00e1ntart\u00e1sban kezelt adatok \u00f6sszess\u00e9ge.<\/span><\/span><\/p>\n<p align=\"justify\"><span style=\"font-family: Times New Roman, serif;\"><span style=\"font-size: medium;\"><b>Harmadik szem\u00e9ly: <\/b><\/span><\/span><span style=\"font-family: Times New Roman, serif;\"><span style=\"font-size: medium;\">olyan term\u00e9szetes, vagy jogi szem\u00e9ly, illetve jogi szem\u00e9lyis\u00e9ggel nem rendelkez\u0151 szervezet, aki, vagy amely nem azonos az \u00e9rintettel, az adatkezel\u0151vel vagy az adatfeldolgoz\u00f3val.<\/span><\/span><\/p>\n<p align=\"justify\"><span style=\"font-family: Times New Roman, serif;\"><span style=\"font-size: medium;\"><b>EGT-\u00e1llam: <\/b><\/span><\/span><span style=\"font-family: Times New Roman, serif;\"><span style=\"font-size: medium;\">az Eur\u00f3pai Uni\u00f3 tag\u00e1llama \u00e9s az Eur\u00f3pai Gazdas\u00e1gi T\u00e9rs\u00e9gr\u0151l sz\u00f3l\u00f3 meg\u00e1llapod\u00e1sban r\u00e9szes m\u00e1s \u00e1llam, tov\u00e1bb\u00e1 az az \u00e1llam, amelynek \u00e1llampolg\u00e1ra az Eur\u00f3pai Uni\u00f3 \u00e9s tag\u00e1llamai, valamint az Eur\u00f3pai Gazdas\u00e1gi T\u00e9rs\u00e9gr\u0151l sz\u00f3l\u00f3 meg\u00e1llapod\u00e1sban nem r\u00e9szes \u00e1llam k\u00f6z\u00f6tt l\u00e9trej\u00f6tt nemzetk\u00f6zi szerz\u0151d\u00e9s alapj\u00e1n az Eur\u00f3pai Gazdas\u00e1gi T\u00e9rs\u00e9gr\u0151l sz\u00f3l\u00f3 meg\u00e1llapod\u00e1sban r\u00e9szes \u00e1llam \u00e1llampolg\u00e1r\u00e1val azonos jog\u00e1ll\u00e1st \u00e9lvez.<\/span><\/span><\/p>\n<p align=\"justify\"><span style=\"font-family: Times New Roman, serif;\"><span style=\"font-size: medium;\"><b>Harmadik orsz\u00e1g: <\/b><\/span><\/span><span style=\"font-family: Times New Roman, serif;\"><span style=\"font-size: medium;\">minden olyan \u00e1llam, amely nem EGT-\u00e1llam.<\/span><\/span><\/p>\n<p align=\"justify\"><span style=\"font-family: Times New Roman, serif;\"><span style=\"font-size: medium;\"><b>Adatv\u00e9delmi incidens: <\/b><\/span><\/span><span style=\"font-family: Times New Roman, serif;\"><span style=\"font-size: medium;\">szem\u00e9lyes adat jogellenes kezel\u00e9se, vagy feldolgoz\u00e1sa, \u00edgy k\u00fcl\u00f6n\u00f6sen a jogosulatlan hozz\u00e1f\u00e9r\u00e9s, megv\u00e1ltoztat\u00e1s, tov\u00e1bb\u00edt\u00e1s, nyilv\u00e1noss\u00e1gra hozatal, t\u00f6rl\u00e9s, vagy megsemmis\u00edt\u00e9s, valamint a v\u00e9letlen megsemmis\u00fcl\u00e9s \u00e9s s\u00e9r\u00fcl\u00e9s.<\/span><\/span><\/p>\n<p align=\"center\"><span style=\"font-family: Times New Roman, serif;\"><span style=\"font-size: medium;\"><b>III.<\/b><\/span><\/span><\/p>\n<p align=\"center\"><span style=\"font-family: Times New Roman, serif;\"><span style=\"font-size: medium;\"><b>Az adatkezel\u00e9s alapjai<\/b><\/span><\/span><\/p>\n<p align=\"justify\"><span style=\"font-family: Times New Roman, serif;\"><span style=\"font-size: medium;\">Az Adatkezel\u0151 tev\u00e9kenys\u00e9ge sor\u00e1n a szem\u00e9lyes adatok kezel\u00e9se minden esetben t\u00f6rv\u00e9nyen, vagy \u00f6nk\u00e9ntes hozz\u00e1j\u00e1rul\u00e1son alapulhat. <\/span><\/span><\/p>\n<p align=\"justify\"><span style=\"font-family: Times New Roman, serif;\"><span style=\"font-size: medium;\">Szem\u00e9lyes adat kiz\u00e1r\u00f3lag meghat\u00e1rozott c\u00e9lb\u00f3l, a jog gyakorl\u00e1sa \u00e9s k\u00f6telezetts\u00e9g teljes\u00edt\u00e9se \u00e9rdek\u00e9ben kezelhet\u0151. Az adatkezel\u00e9snek minden szakasz\u00e1ban meg kell felelnie az adatkezel\u00e9s c\u00e9lj\u00e1nak, az adatok felv\u00e9tel\u00e9nek \u00e9s kezel\u00e9s\u00e9nek tisztess\u00e9gesnek \u00e9s t\u00f6rv\u00e9nyesnek kell lennie.<\/span><\/span><\/p>\n<p align=\"justify\"><span style=\"font-family: Times New Roman, serif;\"><span style=\"font-size: medium;\">Csak olyan szem\u00e9lyes adat kezelhet\u0151, amely az adatkezel\u00e9s c\u00e9lj\u00e1nak megval\u00f3sul\u00e1s\u00e1hoz elengedhetetlen, \u00e9s a c\u00e9l el\u00e9r\u00e9s\u00e9re az alkalmas is.<\/span><\/span><\/p>\n<p align=\"justify\"><span style=\"font-family: Times New Roman, serif;\"><span style=\"font-size: medium;\">Szem\u00e9lyes adat csak a c\u00e9l megval\u00f3sul\u00e1s\u00e1hoz sz\u00fcks\u00e9ges m\u00e9rt\u00e9kben \u00e9s ideig kezelhet\u0151.<\/span><\/span><\/p>\n<p align=\"justify\"><span style=\"font-family: Times New Roman, serif;\"><span style=\"font-size: medium;\">Szem\u00e9lyes adat akkor tov\u00e1bb\u00edthat\u00f3, valamint a k\u00fcl\u00f6nb\u00f6z\u0151 adatkezel\u00e9si helyek kiz\u00e1r\u00f3lagosan akkor kapcsolhat\u00f3k \u00f6ssze, ha az \u00e9rintett ahhoz hozz\u00e1j\u00e1rul, vagy a t\u00f6rv\u00e9ny azt megengedi, \u00e9s az adatkezel\u00e9s minden egy\u00e9b felt\u00e9tele a szem\u00e9lyes adatra n\u00e9zve teljes\u00fcl.<\/span><\/span><\/p>\n<p align=\"justify\"><span style=\"font-family: Times New Roman, serif;\"><span style=\"font-size: medium;\">Szem\u00e9lyes adat Magyarorsz\u00e1gb\u00f3l harmadik orsz\u00e1gban l\u00e9v\u0151 adatkezel\u0151, vagy feldolgoz\u00f3 r\u00e9sz\u00e9re akkor tov\u00e1bb\u00edthat\u00f3, ha ahhoz az \u00e9rintett kifejezetten hozz\u00e1j\u00e1rult, vagy azt t\u00f6rv\u00e9ny lehet\u0151v\u00e9 teszi, \u00e9s a harmadik orsz\u00e1gban az \u00e1tadott adatok kezel\u00e9se \u00e9s feldolgoz\u00e1sa megfelel\u0151en biztos\u00edtott, annak v\u00e9delm\u00e9vel egy\u00fctt.<\/span><\/span><\/p>\n<p align=\"justify\"><span style=\"font-family: Times New Roman, serif;\"><span style=\"font-size: medium;\">K\u00f6telez\u0151 adatkezel\u00e9s eset\u00e9n az adatkezel\u00e9s c\u00e9lj\u00e1t, felt\u00e9teleit, a kezelend\u0151 adatok k\u00f6r\u00e9t \u00e9s megismerhet\u0151s\u00e9g\u00e9t, az adatkezel\u00e9s id\u0151tartam\u00e1t, valamint az adatkezel\u0151 szem\u00e9ly\u00e9t az adatkezel\u00e9st elrendel\u0151 t\u00f6rv\u00e9ny, vagy \u00f6nkorm\u00e1nyzati rendelet hat\u00e1rozza meg.<\/span><\/span><\/p>\n<p align=\"justify\"><span style=\"font-family: Times New Roman, serif;\"><span style=\"font-size: medium;\">T\u00f6rv\u00e9ny k\u00f6z\u00e9rdekb\u0151l \u2013 az adatok k\u00f6r\u00e9nek kifejezett megjel\u00f6l\u00e9s\u00e9vel \u2013 elrendelheti a szem\u00e9lyes adat nyilv\u00e1noss\u00e1gra hozatal\u00e1t. Minden egy\u00e9b esetben a nyilv\u00e1noss\u00e1gra hozatalhoz az \u00e9rintett hozz\u00e1j\u00e1rul\u00e1sa, k\u00fcl\u00f6nleges adat eset\u00e9ben \u00edr\u00e1sbeli hozz\u00e1j\u00e1rul\u00e1sa sz\u00fcks\u00e9ges. K\u00e9ts\u00e9g eset\u00e9n azt kell v\u00e9lelmezni, hogy az \u00e9rintett a hozz\u00e1j\u00e1rul\u00e1s\u00e1t nem adta meg. <\/span><\/span><\/p>\n<p align=\"justify\"><span style=\"font-family: Times New Roman, serif;\"><span style=\"font-size: medium;\">Az \u00e9rintett hozz\u00e1j\u00e1rul\u00e1s\u00e1t megadottnak kell tekinteni, az \u00e9rintett k\u00f6zszerepl\u00e9se sor\u00e1n k\u00f6z\u00f6lt, vagy nyilv\u00e1noss\u00e1gra hozatal c\u00e9lj\u00e1b\u00f3l \u00e1ltala \u00e1tadott adatok tekintet\u00e9ben.<\/span><\/span><\/p>\n<p align=\"justify\"><span style=\"font-family: Times New Roman, serif;\"><span style=\"font-size: medium;\">Az \u00e9rintett a hozz\u00e1j\u00e1rul\u00e1s\u00e1t az Adatkezel\u0151vel \u00edr\u00e1sban k\u00f6t\u00f6tt szerz\u0151d\u00e9s keret\u00e9ben is megadhatja, a szerz\u0151d\u00e9sben foglaltak teljes\u00edt\u00e9se c\u00e9lj\u00e1b\u00f3l. A szerz\u0151d\u00e9snek f\u00e9lre\u00e9rthetetlen m\u00f3don tartalmaznia kell, hogy az \u00e9rintett al\u00e1\u00edr\u00e1s\u00e1val hozz\u00e1j\u00e1rult adatainak a szerz\u0151d\u00e9sben meghat\u00e1rozottak szerinti kezel\u00e9s\u00e9hez.<\/span><\/span><\/p>\n<p align=\"center\"><span style=\"font-family: Times New Roman, serif;\"><span style=\"font-size: medium;\"><b>IV.<\/b><\/span><\/span><\/p>\n<p align=\"center\"><span style=\"font-family: Times New Roman, serif;\"><span style=\"font-size: medium;\"><b>A kezelt szem\u00e9lyes adatok k\u00f6re \u00e9s a r\u00f6gz\u00edt\u00e9s m\u00f3dja<\/b><\/span><\/span><\/p>\n<p align=\"justify\"><span style=\"font-family: Times New Roman, serif;\"><span style=\"font-size: medium;\">Jelen Adatkezel\u00e9si Szab\u00e1lyzat hat\u00e1lya al\u00e1 tartoz\u00f3 tev\u00e9kenys\u00e9g\u00e9vel \u00f6sszef\u00fcgg\u00e9sben az al\u00e1bbi szem\u00e9lyes adatokat kezeli:<\/span><\/span><\/p>\n<ol>\n<li>\n<p align=\"justify\"><span style=\"font-family: Times New Roman, serif;\"><span style=\"font-size: medium;\">Vezet\u00e9kn\u00e9v \u00e9s keresztn\u00e9v:<\/span><\/span><\/p>\n<\/li>\n<li>\n<p align=\"justify\"><span style=\"font-family: Times New Roman, serif;\"><span style=\"font-size: medium;\">Sz\u00fclet\u00e9si id\u0151, hely, d\u00e1tum:<\/span><\/span><\/p>\n<\/li>\n<li>\n<p align=\"justify\"><span style=\"font-family: Times New Roman, serif;\"><span style=\"font-size: medium;\">Anyja neve:<\/span><\/span><\/p>\n<\/li>\n<li>\n<p align=\"justify\"><span style=\"font-family: Times New Roman, serif;\"><span style=\"font-size: medium;\">E-mail c\u00edm:<\/span><\/span><\/p>\n<\/li>\n<\/ol>\n<p align=\"justify\"><span style=\"font-family: Times New Roman, serif;\"><span style=\"font-size: medium;\">A szem\u00e9lyes adatok r\u00f6gz\u00edt\u00e9s\u00e9re kiz\u00e1r\u00f3lag azt k\u00f6vet\u0151en ker\u00fclhet sor, ha az Adatkezel\u0151 az \u00e9rintett r\u00e9sz\u00e9re az adatkezel\u00e9s alapj\u00e1ul szolg\u00e1l\u00f3 jelen Adatkezel\u00e9si Szab\u00e1lyzat megismer\u00e9s\u00e9t lehet\u0151v\u00e9 tette, \u00e9s amelyet az \u00e9rintett kifejezetten el is ismer.<\/span><\/span><\/p>\n<p align=\"justify\"><span style=\"font-family: Times New Roman, serif;\"><span style=\"font-size: medium;\">Az adatr\u00f6gz\u00edt\u00e9s folyamat\u00e1t az \u00e9rintett maga ir\u00e1ny\u00edtja, amennyiben az adatr\u00f6gz\u00edt\u00e9s sor\u00e1n az \u00e9rintett az adatr\u00f6gz\u00edt\u00e9s folyamat\u00e1t ak\u00e1r kifejezetten, ak\u00e1r r\u00e1utal\u00f3 magatart\u00e1ssal megszak\u00edtja, \u00fagy az Adatkezel\u0151 k\u00f6teles a r\u00f6gz\u00edt\u00e9st megszak\u00edtani, \u00e9s az addig megadott szem\u00e9lyes adatokat kiv\u00e9tel n\u00e9lk\u00fcl t\u00f6r\u00f6lni.<\/span><\/span><\/p>\n<p align=\"justify\"><span style=\"font-family: Times New Roman, serif;\"><span style=\"font-size: medium;\">Az Adatkezel\u0151 a megadott szem\u00e9lyes adatokat jelen Adatkezel\u00e9si Szab\u00e1lyzatban \u00edrt c\u00e9lokt\u00f3l elt\u00e9r\u0151 c\u00e9lokra nem haszn\u00e1lhatja fel. Szem\u00e9lyes adatokat harmadik szem\u00e9lynek, vagy a hat\u00f3s\u00e1gok sz\u00e1m\u00e1ra kiz\u00e1r\u00f3lag az \u00e9rintett el\u0151zetes, kifejezett hozz\u00e1j\u00e1rul\u00e1sa eset\u00e9n lehets\u00e9ges kiadni, kiv\u00e9ve, ha a t\u00f6rv\u00e9ny ett\u0151l elt\u00e9r\u0151en rendelkezik.<\/span><\/span><\/p>\n<p align=\"justify\"><span style=\"font-family: Times New Roman, serif;\"><span style=\"font-size: medium;\">Az Adatkezel\u0151 a neki megadott szem\u00e9lyes adatokat nem ellen\u0151rzi \u2013 azok val\u00f3s\u00e1gtartalm\u00e1\u00e9rt kiz\u00e1r\u00f3lag az azt megad\u00f3 szem\u00e9ly felel. <\/span><\/span><\/p>\n<p align=\"justify\"><span style=\"font-family: Times New Roman, serif;\"><span style=\"font-size: medium;\">Az \u00e9rintett az e-mail c\u00edm\u00e9nek megad\u00e1sakor felel\u0151ss\u00e9get v\u00e1llal az\u00e9rt, hogy a megadott e-mail c\u00edmr\u0151l kiz\u00e1r\u00f3lag \u0151 vesz ig\u00e9nybe szolg\u00e1ltat\u00e1st.<\/span><\/span><\/p>\n<p align=\"justify\"><span style=\"font-family: Times New Roman, serif;\"><span style=\"font-size: medium;\">Az Adatkezel\u0151 nem k\u00f6teles ellen\u0151rizni, hogy az \u00edgy megadott e-mail c\u00edm val\u00f3ban az azt megad\u00f3 \u00e9rintetthez tartozik \u2013 ily m\u00f3don jogosult azt v\u00e9lelmezni, hogy a megadott szem\u00e9lyes adatok tekintet\u00e9ben az adatkezel\u00e9s jogszer\u0171.<\/span><\/span><\/p>\n<p align=\"center\"><span style=\"font-family: Times New Roman, serif;\"><span style=\"font-size: medium;\"><b>V.<\/b><\/span><\/span><\/p>\n<p align=\"center\"><span style=\"font-family: Times New Roman, serif;\"><span style=\"font-size: medium;\"><b>Az adatok m\u00f3dos\u00edt\u00e1sa \u00e9s t\u00f6rl\u00e9se, az adatkezel\u00e9s id\u0151tartama<\/b><\/span><\/span><\/p>\n<p align=\"justify\"><span style=\"font-family: Times New Roman, serif;\"><span style=\"font-size: medium;\">Az \u00e9rintett b\u00e1rmikor k\u00e9rhet felvil\u00e1gos\u00edt\u00e1st az Adatkezel\u0151 \u00e1ltal kezelt adatair\u00f3l, az adatr\u00f6gz\u00edt\u00e9s id\u0151pontj\u00e1r\u00f3l, a kezelt adatok k\u00f6r\u00e9r\u0151l, \u00e9s a r\u00f6gz\u00edt\u00e9s m\u00f3dj\u00e1r\u00f3l.<\/span><\/span><\/p>\n<p align=\"justify\"><span style=\"font-family: Times New Roman, serif;\"><span style=\"font-size: medium;\">Az \u00e9rintett b\u00e1rmikor indokol\u00e1s \u00e9s korl\u00e1toz\u00e1s n\u00e9lk\u00fcl ingyenesen k\u00e9rheti adatainak m\u00f3dos\u00edt\u00e1s\u00e1t, tov\u00e1bb\u00e1 azoknak az Adatkezel\u0151 adatb\u00e1zis\u00e1b\u00f3l val\u00f3 t\u00f6rl\u00e9s\u00e9t az al\u00e1bbi el\u00e9rhet\u0151s\u00e9gen:<\/span><\/span><\/p>\n<p align=\"justify\"><span style=\"font-family: Times New Roman, serif;\"><span style=\"font-size: medium;\">Adatkezel\u00e9si referens (n\u00e9v): Dr. Kov\u00e1cs Ferenc<\/span><\/span><\/p>\n<p align=\"justify\"><span style=\"font-family: Times New Roman, serif;\"><span style=\"font-size: medium;\">Postai c\u00edm: 2233 Ecser Karzol u. 1.<\/span><\/span><\/p>\n<p align=\"justify\"><span style=\"font-family: Times New Roman, serif;\"><span style=\"font-size: medium;\">E-mail c\u00edm: <a href=\"mailto:kovacs.ferenc@karzol.hu\">kovacs.ferenc@karzol.hu<\/a><\/span><\/span><\/p>\n<p align=\"justify\"><span style=\"font-family: Times New Roman, serif;\"><span style=\"font-size: medium;\">Telefonsz\u00e1m: +36 30\u00a0686 1752<\/span><\/span><\/p>\n<p align=\"justify\"><span style=\"font-family: Times New Roman, serif;\"><span style=\"font-size: medium;\">Az adatr\u00f6gz\u00edt\u00e9s sor\u00e1n megadott szem\u00e9lyes adatok kezel\u00e9se a r\u00f6gz\u00edt\u00e9s id\u0151pontj\u00e1ban kezd\u0151dik, \u00e9s annak t\u00f6rl\u00e9s\u00e9ig, illetve a t\u00f6rv\u00e9nyben meghat\u00e1rozott egy\u00e9b id\u0151pontig tart. <\/span><\/span><\/p>\n<p align=\"center\"><span style=\"font-family: Times New Roman, serif;\"><span style=\"font-size: medium;\"><b>VI.<\/b><\/span><\/span><\/p>\n<p align=\"center\"><span style=\"font-family: Times New Roman, serif;\"><span style=\"font-size: medium;\"><b>Az \u00e9rintettek jogai<\/b><\/span><\/span><\/p>\n<p align=\"justify\"><span style=\"font-family: Times New Roman, serif;\"><span style=\"font-size: medium;\">Az \u00e9rintett k\u00e9relm\u00e9re az Adatkezel\u0151 t\u00e1j\u00e9koztat\u00e1st k\u00f6teles adni az \u00e1ltala kezelt adatair\u00f3l, az adatkezel\u00e9s c\u00e9lj\u00e1r\u00f3l, jogalapj\u00e1r\u00f3l, id\u0151tartam\u00e1r\u00f3l, az adatfeldolgoz\u00f3 nev\u00e9r\u0151l, c\u00edm\u00e9r\u0151l \u00e9s az adatkezel\u00e9ssel \u00f6sszef\u00fcgg\u0151 tev\u00e9kenys\u00e9g\u00e9r\u0151l, tov\u00e1bb\u00e1 arr\u00f3l is, hogy az adatok r\u00f6gz\u00edt\u00e9se \u00f3ta kik \u00e9s milyen c\u00e9lb\u00f3l kapt\u00e1k meg az adatokat. Az Adatkezel\u0151 a k\u00e9relem beny\u00fajt\u00e1s\u00e1t\u00f3l sz\u00e1m\u00edtott legfeljebb 20 napon bel\u00fcl k\u00f6teles \u00edr\u00e1sban ingyenesen megadni a t\u00e1j\u00e9koztat\u00e1st. <\/span><\/span><\/p>\n<p align=\"justify\"><span style=\"font-family: Times New Roman, serif;\"><span style=\"font-size: medium;\">A val\u00f3s\u00e1gnak meg nem felel\u0151 szem\u00e9lyes adatot az \u00e9rintett jelz\u00e9se alapj\u00e1n az Adatkezel\u0151 k\u00f6teles helyesb\u00edteni. A helyesb\u00edt\u00e9sr\u0151l az Adatkezel\u0151 az \u00e9rintettet, tov\u00e1bb\u00e1 mindazokat \u00e9rtes\u00edti, akiknek kor\u00e1bban az adatot adatkezel\u00e9s c\u00e9lj\u00e1ra tov\u00e1bb\u00edtotta. Az \u00e9rtes\u00edt\u00e9s mell\u0151zhet\u0151, ha ez az adatkezel\u00e9s c\u00e9lj\u00e1ra val\u00f3 tekintettel az \u00e9rintett jogos \u00e9rdek\u00e9t nem s\u00e9rti.<\/span><\/span><\/p>\n<p align=\"justify\"><span style=\"font-family: Times New Roman, serif;\"><span style=\"font-size: medium;\">Szem\u00e9lyes adatot az Adatkezel\u0151 k\u00f6teles t\u00f6r\u00f6lni, ha a kezel\u00e9se jogellenes, vagy az \u00e9rintett azt k\u00e9ri, az hi\u00e1nyos, vagy t\u00e9ves, \u00e9s ez az \u00e1llapot jogszer\u0171en m\u00e1r nem korrig\u00e1lhat\u00f3.<\/span><\/span><\/p>\n<p align=\"justify\"><span style=\"font-family: Times New Roman, serif;\"><span style=\"font-size: medium;\">Az Adatkezel\u0151 akkor is t\u00f6rli az adatokat, ha az adatkezel\u00e9s c\u00e9lja megsz\u0171nt, az adatok t\u00e1rol\u00e1s\u00e1nak t\u00f6rv\u00e9nyben meghat\u00e1rozott ideje lej\u00e1rt, vagy azt a b\u00edr\u00f3s\u00e1g, vagy azt az adatv\u00e9delmi biztos elrendelte.<\/span><\/span><\/p>\n<p align=\"justify\"><span style=\"font-family: Times New Roman, serif;\"><span style=\"font-size: medium;\">Az \u00e9rintett jogosult tiltakozni szem\u00e9lyes adat\u00e1nak kezel\u00e9se ellen, ha a szem\u00e9lyes adatok kezel\u00e9se, vagy tov\u00e1bb\u00edt\u00e1sa kiz\u00e1r\u00f3lag az Adatkezel\u0151, vagy valamely adat\u00e1tvev\u0151 jog\u00e1nak, vagy jogos \u00e9rdekeinek \u00e9rv\u00e9nyes\u00edt\u00e9s\u00e9hez sz\u00fcks\u00e9ges; kiv\u00e9ve, ha az adatkezel\u00e9st t\u00f6rv\u00e9ny rendelte el.<\/span><\/span><\/p>\n<p align=\"justify\"><span style=\"font-family: Times New Roman, serif;\"><span style=\"font-size: medium;\">Az Adatkezel\u0151 \u2013 az adatkezel\u00e9s egyidej\u0171 felf\u00fcggeszt\u00e9s\u00e9vel \u2013 a tiltakoz\u00e1st k\u00f6teles a k\u00e9relem beny\u00fajt\u00e1s\u00e1t\u00f3l sz\u00e1m\u00edtott legr\u00f6videbb id\u0151n bel\u00fcl, de legfeljebb 15 nap alatt megvizsg\u00e1lni, \u00e9s annak eredm\u00e9ny\u00e9r\u0151l a k\u00e9relmez\u0151t \u00edr\u00e1sban t\u00e1j\u00e9koztatni. Amennyiben az \u00e9rintett tiltakoz\u00e1sa alappal b\u00edr, az Adatkezel\u0151 k\u00f6teles az adatkezel\u00e9st megsz\u00fcntetni, \u00e9s az adatokat z\u00e1rolni, \u00e9s mindazokat \u00e9rtes\u00edteni err\u0151l a t\u00e9nyr\u0151l, akik r\u00e9sz\u00e9re a szem\u00e9lyes adatokat kor\u00e1bban tov\u00e1bb\u00edtotta.<\/span><\/span><\/p>\n<p align=\"justify\"><span style=\"font-family: Times New Roman, serif;\"><span style=\"font-size: medium;\">Az \u00e9rintett jogainak megs\u00e9rt\u00e9se eset\u00e9n az Adatkezel\u0151 ellen b\u00edr\u00f3s\u00e1ghoz, vagy az adatv\u00e9delmi hat\u00f3s\u00e1ghoz fordulhat panasszal, amelynek adatai:<\/span><\/span><\/p>\n<p align=\"justify\"><span style=\"font-family: Times New Roman, serif;\"><span style=\"font-size: medium;\">N\u00e9v: Nemzeti Adatv\u00e9delmi \u00e9s Inform\u00e1ci\u00f3szabads\u00e1g Hat\u00f3s\u00e1g<\/span><\/span><\/p>\n<p align=\"justify\"><span style=\"font-family: Times New Roman, serif;\"><span style=\"font-size: medium;\">C\u00edm. 1125 Budapest, Szil\u00e1gyi Erzs\u00e9bet fasor 22\/c.<\/span><\/span><\/p>\n<p align=\"justify\"><span style=\"font-family: Times New Roman, serif;\"><span style=\"font-size: medium;\">Telefon: 06 &#8211; 1 &#8211; 391-1400<\/span><\/span><\/p>\n<p align=\"justify\"><span style=\"font-family: Times New Roman, serif;\"><span style=\"font-size: medium;\">Fax: 06 &#8211; 1- 391-1410<\/span><\/span><\/p>\n<p align=\"justify\"><span style=\"font-family: Times New Roman, serif;\"><span style=\"font-size: medium;\">E-mail: <a href=\"mailto:ugyfelszolgalat@naih.hu\">ugyfelszolgalat@naih.hu<\/a><\/span><\/span><\/p>\n<p align=\"justify\"><span style=\"font-family: Times New Roman, serif;\"><span style=\"font-size: medium;\">Weboldal: <a href=\"http:\/\/www.naih.hu\/\">www.naih.hu<\/a><\/span><\/span><\/p>\n<p align=\"center\"><span style=\"font-family: Times New Roman, serif;\"><span style=\"font-size: medium;\"><b>VII.<\/b><\/span><\/span><\/p>\n<p align=\"center\"><span style=\"font-family: Times New Roman, serif;\"><span style=\"font-size: medium;\"><b>Adatbiztons\u00e1g<\/b><\/span><\/span><\/p>\n<p align=\"justify\"><span style=\"font-family: Times New Roman, serif;\"><span style=\"font-size: medium;\">Az Adatkezel\u0151 az adatfeldolgoz\u00e1s folyamat\u00e1ban k\u00f6teles gondoskodni az adatok biztons\u00e1g\u00e1r\u00f3l, k\u00f6teles tov\u00e1bb\u00e1 megtenni minden olyan szervez\u00e9si \u00e9s technikai int\u00e9zked\u00e9st, amelyek az adatok biztons\u00e1gos t\u00e1rol\u00e1s\u00e1hoz sz\u00fcks\u00e9gesek.<\/span><\/span><\/p>\n<p align=\"justify\"><span style=\"font-family: Times New Roman, serif;\"><span style=\"font-size: medium;\">Az adatokat megfelel\u0151 technikai eszk\u00f6zzel kell v\u00e9deni a jogosulatlan hozz\u00e1f\u00e9r\u00e9s, megv\u00e1ltoztat\u00e1s, jogosulatlan tov\u00e1bb\u00edt\u00e1s, a jogosulatlan nyilv\u00e1noss\u00e1gra hozatal, a t\u00f6rl\u00e9s, vagy megsemmis\u00edt\u00e9s, valamint a v\u00e9letlenszer\u0171 megsemmis\u00fcl\u00e9s \u00e9s s\u00e9r\u00fcl\u00e9s, \u00e9s az ebb\u0151l k\u00f6vetkez\u0151 hozz\u00e1f\u00e9rhetetlenn\u00e9 v\u00e1l\u00e1s ellen. Olyan technikai v\u00e9delmi eszk\u00f6z\u00f6ket sz\u00fcks\u00e9ges alkalmazni, amellyel \u2013 kiv\u00e9ve, ha azt a t\u00f6rv\u00e9ny lehet\u0151v\u00e9 teszi \u2013 k\u00f6zvetlen\u00fcl ne legyenek \u00f6sszekapcsolhat\u00f3k, \u00e9s az \u00e9rintetthez rendelhet\u0151k.<\/span><\/span><\/p>\n<p align=\"center\"><span style=\"font-family: Times New Roman, serif;\"><span style=\"font-size: medium;\"><b>VIII.<\/b><\/span><\/span><\/p>\n<p align=\"center\"><span style=\"font-family: Times New Roman, serif;\"><span style=\"font-size: medium;\"><b>Adatv\u00e9delmi incidens<\/b><\/span><\/span><\/p>\n<p align=\"justify\"><span style=\"font-family: Times New Roman, serif;\"><span style=\"font-size: medium;\">Az Adatkezel\u0151 k\u00f6teles nyilv\u00e1ntart\u00e1st vezetni az adatv\u00e9delmi incidensekr\u0151l, annak kezelhet\u0151s\u00e9ge, ellen\u0151rizhet\u0151s\u00e9ge, valamint az \u00e9rintett t\u00e1j\u00e9koztat\u00e1sa c\u00e9lj\u00e1b\u00f3l. <\/span><\/span><\/p>\n<p align=\"justify\"><span style=\"font-family: Times New Roman, serif;\"><span style=\"font-size: medium;\">A vezetett nyilv\u00e1ntart\u00e1snak tartalmaznia kell az \u00e9rintett szem\u00e9lyes adatok k\u00f6r\u00e9t, az adatv\u00e9delmi incidenssel \u00e9rintettek k\u00f6r\u00e9t \u00e9s sz\u00e1m\u00e1t, az incidens id\u0151pontj\u00e1t, k\u00f6zvetett \u00e9s k\u00f6zvetlen hat\u00e1sait, valamint az elh\u00e1r\u00edt\u00e1s\u00e1ra megtett int\u00e9zked\u00e9seket. <\/span><\/span><\/p>\n<p align=\"justify\"><span style=\"font-family: Times New Roman, serif;\"><span style=\"font-size: medium;\">Az \u00e9rintett k\u00e9relm\u00e9re az Adatkezel\u0151 err\u0151l t\u00e1j\u00e9koztat\u00e1st adni k\u00f6teles.<\/span><\/span><\/p>\n<p align=\"justify\"><span style=\"font-family: Times New Roman, serif;\"><span style=\"font-size: medium;\">Az Adatkezel\u0151 incidens \u00e9szlel\u00e9se eset\u00e9n 72 \u00f3r\u00e1n bel\u00fcl k\u00f6teles bejelent\u00e9st tenni az incidens t\u00e9ny\u00e9r\u0151l a fel\u00fcgyel\u0151 hat\u00f3s\u00e1g fel\u00e9, kiv\u00e9ve, ha az adatv\u00e9delmi incidens k\u00f6r\u00fclm\u00e9nyei miatt az val\u00f3sz\u00edn\u0171s\u00edthet\u0151en nem j\u00e1r kock\u00e1zattal a term\u00e9szetes szem\u00e9lyek jogaira n\u00e9zve. <\/span><\/span><\/p>\n<p align=\"center\"><span style=\"font-family: Times New Roman, serif;\"><span style=\"font-size: medium;\"><b>IX.<\/b><\/span><\/span><\/p>\n<p align=\"center\"><span style=\"font-family: Times New Roman, serif;\"><span style=\"font-size: medium;\"><b>Z\u00e1r\u00f3 rendelkez\u00e9sek<\/b><\/span><\/span><\/p>\n<p align=\"justify\"><span style=\"font-family: Times New Roman, serif;\"><span style=\"font-size: medium;\">A jelen Adatkezel\u00e9si Szab\u00e1lyzat hat\u00e1lyba l\u00e9p\u00e9s\u00e9t a t\u00e1rsas\u00e1g \u00fcgyvezet\u0151je rendeli el, \u00e9s az a t\u00e1rsas\u00e1g honlapj\u00e1ra t\u00f6rt\u00e9n\u0151 felt\u00f6lt\u00e9ssel v\u00e1lik hat\u00e1lyoss\u00e1. <\/span><\/span><\/p>\n<p align=\"justify\"><span style=\"font-family: Times New Roman, serif;\"><span style=\"font-size: medium;\">Budapest, 2018. m\u00e1jus 20.<\/span><\/span><\/p>\n<p align=\"justify\"><span style=\"font-family: Times New Roman, serif;\"><span style=\"font-size: medium;\"> Jo\u00f3s Zolt\u00e1n \u00fcgyvezet\u0151<\/span><\/span><\/p>\n<p align=\"justify\"><a name=\"_GoBack\"><\/a> <span style=\"font-family: Times New Roman, serif;\"><span style=\"font-size: medium;\"> s.k.<\/span><\/span><\/p>\n","protected":false},"excerpt":{"rendered":"<p>ADATKEZEL\u00c9SI SZAB\u00c1LYZAT I. \u00c1ltal\u00e1nos t\u00e1j\u00e9koztat\u00f3 Az Adatkezel\u00e9si Szab\u00e1lyzat c\u00e9lja, hogy r\u00f6gz\u00edtse az adatkezel\u0151 \u00e1ltal alkalmazott adatkezel\u00e9si \u00e9s adatv\u00e9delmi elj\u00e1r\u00e1st, amelynek betart\u00e1s\u00e1val, mint adatkezel\u0151 (tov\u00e1bbiakban: Adatkezel\u0151) tev\u00e9kenys\u00e9ge sor\u00e1n k\u00fcl\u00f6n\u00f6sen \u00fcgyel a szem\u00e9lyes adatok v\u00e9delm\u00e9re \u00e9s meg\u0151rz\u00e9s\u00e9re, tov\u00e1bb\u00e1 a biztons\u00e1gos \u00e9s tisztess\u00e9ges adatkezel\u00e9sre. Adatkezel\u0151 adatai: C\u00e9gn\u00e9v: KARZOL-TRANS Nemzetk\u00f6zi Fuvaroz\u00e1s Korl\u00e1tolt Felel\u0151ss\u00e9g\u0171 T\u00e1rsas\u00e1g C\u00e9gjegyz\u00e9ksz\u00e1m: 13-09-081639 Sz\u00e9khely: 2233 Ecser, [&hellip;]<\/p>\n","protected":false},"author":1,"featured_media":0,"parent":0,"menu_order":0,"comment_status":"closed","ping_status":"closed","template":"","meta":{"_acf_changed":false,"footnotes":""},"class_list":["post-328","page","type-page","status-publish","hentry"],"acf":[],"yoast_head":"<!-- This site is optimized with the Yoast SEO Premium plugin v27.3 (Yoast SEO v27.3) - https:\/\/yoast.com\/product\/yoast-seo-premium-wordpress\/ -->\n<title>General Data Protection Regulation (GDPR) - Karzol<\/title>\n<meta name=\"robots\" content=\"index, follow, max-snippet:-1, max-image-preview:large, max-video-preview:-1\" \/>\n<link rel=\"canonical\" href=\"https:\/\/karzol.hu\/en\/general-data-protection-regulation-gdpr\/\" \/>\n<meta property=\"og:locale\" content=\"en_US\" \/>\n<meta property=\"og:type\" content=\"article\" \/>\n<meta property=\"og:title\" content=\"General Data Protection Regulation (GDPR)\" \/>\n<meta property=\"og:description\" content=\"ADATKEZEL\u00c9SI SZAB\u00c1LYZAT I. \u00c1ltal\u00e1nos t\u00e1j\u00e9koztat\u00f3 Az Adatkezel\u00e9si Szab\u00e1lyzat c\u00e9lja, hogy r\u00f6gz\u00edtse az adatkezel\u0151 \u00e1ltal alkalmazott adatkezel\u00e9si \u00e9s adatv\u00e9delmi elj\u00e1r\u00e1st, amelynek betart\u00e1s\u00e1val, mint adatkezel\u0151 (tov\u00e1bbiakban: Adatkezel\u0151) tev\u00e9kenys\u00e9ge sor\u00e1n k\u00fcl\u00f6n\u00f6sen \u00fcgyel a szem\u00e9lyes adatok v\u00e9delm\u00e9re \u00e9s meg\u0151rz\u00e9s\u00e9re, tov\u00e1bb\u00e1 a biztons\u00e1gos \u00e9s tisztess\u00e9ges adatkezel\u00e9sre. Adatkezel\u0151 adatai: C\u00e9gn\u00e9v: KARZOL-TRANS Nemzetk\u00f6zi Fuvaroz\u00e1s Korl\u00e1tolt Felel\u0151ss\u00e9g\u0171 T\u00e1rsas\u00e1g C\u00e9gjegyz\u00e9ksz\u00e1m: 13-09-081639 Sz\u00e9khely: 2233 Ecser, [&hellip;]\" \/>\n<meta property=\"og:url\" content=\"https:\/\/karzol.hu\/en\/general-data-protection-regulation-gdpr\/\" \/>\n<meta property=\"og:site_name\" content=\"Karzol\" \/>\n<meta name=\"twitter:card\" content=\"summary_large_image\" \/>\n<meta name=\"twitter:label1\" content=\"Est. reading time\" \/>\n\t<meta name=\"twitter:data1\" content=\"15 minutes\" \/>\n<script type=\"application\/ld+json\" class=\"yoast-schema-graph\">{\"@context\":\"https:\\\/\\\/schema.org\",\"@graph\":[{\"@type\":\"WebPage\",\"@id\":\"https:\\\/\\\/karzol.hu\\\/en\\\/general-data-protection-regulation-gdpr\\\/\",\"url\":\"https:\\\/\\\/karzol.hu\\\/en\\\/general-data-protection-regulation-gdpr\\\/\",\"name\":\"General Data Protection Regulation (GDPR) - Karzol\",\"isPartOf\":{\"@id\":\"https:\\\/\\\/karzol.hu\\\/#website\"},\"datePublished\":\"2018-06-04T19:43:17+00:00\",\"breadcrumb\":{\"@id\":\"https:\\\/\\\/karzol.hu\\\/en\\\/general-data-protection-regulation-gdpr\\\/#breadcrumb\"},\"inLanguage\":\"en-US\",\"potentialAction\":[{\"@type\":\"ReadAction\",\"target\":[\"https:\\\/\\\/karzol.hu\\\/en\\\/general-data-protection-regulation-gdpr\\\/\"]}]},{\"@type\":\"BreadcrumbList\",\"@id\":\"https:\\\/\\\/karzol.hu\\\/en\\\/general-data-protection-regulation-gdpr\\\/#breadcrumb\",\"itemListElement\":[{\"@type\":\"ListItem\",\"position\":1,\"name\":\"Home\",\"item\":\"https:\\\/\\\/karzol.hu\\\/en\\\/\"},{\"@type\":\"ListItem\",\"position\":2,\"name\":\"General Data Protection Regulation (GDPR)\"}]},{\"@type\":\"WebSite\",\"@id\":\"https:\\\/\\\/karzol.hu\\\/#website\",\"url\":\"https:\\\/\\\/karzol.hu\\\/\",\"name\":\"Karzol\",\"description\":\"\",\"potentialAction\":[{\"@type\":\"SearchAction\",\"target\":{\"@type\":\"EntryPoint\",\"urlTemplate\":\"https:\\\/\\\/karzol.hu\\\/?s={search_term_string}\"},\"query-input\":{\"@type\":\"PropertyValueSpecification\",\"valueRequired\":true,\"valueName\":\"search_term_string\"}}],\"inLanguage\":\"en-US\"}]}<\/script>\n<!-- \/ Yoast SEO Premium plugin. -->","yoast_head_json":{"title":"General Data Protection Regulation (GDPR) - Karzol","robots":{"index":"index","follow":"follow","max-snippet":"max-snippet:-1","max-image-preview":"max-image-preview:large","max-video-preview":"max-video-preview:-1"},"canonical":"https:\/\/karzol.hu\/en\/general-data-protection-regulation-gdpr\/","og_locale":"en_US","og_type":"article","og_title":"General Data Protection Regulation (GDPR)","og_description":"ADATKEZEL\u00c9SI SZAB\u00c1LYZAT I. \u00c1ltal\u00e1nos t\u00e1j\u00e9koztat\u00f3 Az Adatkezel\u00e9si Szab\u00e1lyzat c\u00e9lja, hogy r\u00f6gz\u00edtse az adatkezel\u0151 \u00e1ltal alkalmazott adatkezel\u00e9si \u00e9s adatv\u00e9delmi elj\u00e1r\u00e1st, amelynek betart\u00e1s\u00e1val, mint adatkezel\u0151 (tov\u00e1bbiakban: Adatkezel\u0151) tev\u00e9kenys\u00e9ge sor\u00e1n k\u00fcl\u00f6n\u00f6sen \u00fcgyel a szem\u00e9lyes adatok v\u00e9delm\u00e9re \u00e9s meg\u0151rz\u00e9s\u00e9re, tov\u00e1bb\u00e1 a biztons\u00e1gos \u00e9s tisztess\u00e9ges adatkezel\u00e9sre. Adatkezel\u0151 adatai: C\u00e9gn\u00e9v: KARZOL-TRANS Nemzetk\u00f6zi Fuvaroz\u00e1s Korl\u00e1tolt Felel\u0151ss\u00e9g\u0171 T\u00e1rsas\u00e1g C\u00e9gjegyz\u00e9ksz\u00e1m: 13-09-081639 Sz\u00e9khely: 2233 Ecser, [&hellip;]","og_url":"https:\/\/karzol.hu\/en\/general-data-protection-regulation-gdpr\/","og_site_name":"Karzol","twitter_card":"summary_large_image","twitter_misc":{"Est. reading time":"15 minutes"},"schema":{"@context":"https:\/\/schema.org","@graph":[{"@type":"WebPage","@id":"https:\/\/karzol.hu\/en\/general-data-protection-regulation-gdpr\/","url":"https:\/\/karzol.hu\/en\/general-data-protection-regulation-gdpr\/","name":"General Data Protection Regulation (GDPR) - Karzol","isPartOf":{"@id":"https:\/\/karzol.hu\/#website"},"datePublished":"2018-06-04T19:43:17+00:00","breadcrumb":{"@id":"https:\/\/karzol.hu\/en\/general-data-protection-regulation-gdpr\/#breadcrumb"},"inLanguage":"en-US","potentialAction":[{"@type":"ReadAction","target":["https:\/\/karzol.hu\/en\/general-data-protection-regulation-gdpr\/"]}]},{"@type":"BreadcrumbList","@id":"https:\/\/karzol.hu\/en\/general-data-protection-regulation-gdpr\/#breadcrumb","itemListElement":[{"@type":"ListItem","position":1,"name":"Home","item":"https:\/\/karzol.hu\/en\/"},{"@type":"ListItem","position":2,"name":"General Data Protection Regulation (GDPR)"}]},{"@type":"WebSite","@id":"https:\/\/karzol.hu\/#website","url":"https:\/\/karzol.hu\/","name":"Karzol","description":"","potentialAction":[{"@type":"SearchAction","target":{"@type":"EntryPoint","urlTemplate":"https:\/\/karzol.hu\/?s={search_term_string}"},"query-input":{"@type":"PropertyValueSpecification","valueRequired":true,"valueName":"search_term_string"}}],"inLanguage":"en-US"}]}},"_links":{"self":[{"href":"https:\/\/karzol.hu\/en\/wp-json\/wp\/v2\/pages\/328","targetHints":{"allow":["GET"]}}],"collection":[{"href":"https:\/\/karzol.hu\/en\/wp-json\/wp\/v2\/pages"}],"about":[{"href":"https:\/\/karzol.hu\/en\/wp-json\/wp\/v2\/types\/page"}],"author":[{"embeddable":true,"href":"https:\/\/karzol.hu\/en\/wp-json\/wp\/v2\/users\/1"}],"replies":[{"embeddable":true,"href":"https:\/\/karzol.hu\/en\/wp-json\/wp\/v2\/comments?post=328"}],"version-history":[{"count":1,"href":"https:\/\/karzol.hu\/en\/wp-json\/wp\/v2\/pages\/328\/revisions"}],"predecessor-version":[{"id":329,"href":"https:\/\/karzol.hu\/en\/wp-json\/wp\/v2\/pages\/328\/revisions\/329"}],"wp:attachment":[{"href":"https:\/\/karzol.hu\/en\/wp-json\/wp\/v2\/media?parent=328"}],"curies":[{"name":"wp","href":"https:\/\/api.w.org\/{rel}","templated":true}]}}